{"id":1482,"date":"2025-07-13T10:25:20","date_gmt":"2025-07-13T10:25:20","guid":{"rendered":"https:\/\/www.gen-a.es\/on-som\/"},"modified":"2025-07-23T07:41:21","modified_gmt":"2025-07-23T07:41:21","slug":"on-som","status":"publish","type":"page","link":"https:\/\/www.gen-a.es\/ca\/on-som\/","title":{"rendered":"On som"},"content":{"rendered":"<section class=\"l-section wpb_row height_huge color_primary with_img\"><div class=\"l-section-img\" role=\"img\" aria-label=\"Terapia de adicciones Barcelona\" data-img-width=\"1000\" data-img-height=\"580\" style=\"background-image: url(https:\/\/www.gen-a.es\/wp-content\/uploads\/2019\/08\/AdobeStock_192130697.jpeg);\"><\/div><div class=\"l-section-overlay\" style=\"background:rgba(0,0,0,0.5)\"><\/div><div class=\"l-section-h i-cf\"><div class=\"g-cols vc_row via_flex valign_top type_default stacking_default\"><div class=\"vc_col-sm-12 wpb_column vc_column_container us_animate_fade\" style=\"animation-delay:0.4s\"><div class=\"vc_column-inner\"><div class=\"wpb_wrapper\"><div class=\"w-separator size_custom\" style=\"height:100px\" id=\"p077\"><style><\/style><\/div><div class=\"wpb_text_column\"><div class=\"wpb_wrapper\"><h1 style=\"text-align: center;\"><strong>ON TROBAR-NOS<br \/>\n<\/strong><\/h1>\n<\/div><\/div><div class=\"w-separator size_custom\" style=\"height:100px\" id=\"a4a1\"><style><\/style><\/div><\/div><\/div><\/div><\/div><\/div><\/section><section class=\"l-section wpb_row height_auto color_primary\"><div class=\"l-section-h i-cf\"><div class=\"g-cols vc_row via_flex valign_top type_default stacking_default\" style=\"--additional-gap:5px;\"><div class=\"vc_col-sm-12 wpb_column vc_column_container\"><div class=\"vc_column-inner\"><div class=\"wpb_wrapper\"><\/div><\/div><\/div><\/div><\/div><\/section><section class=\"l-section wpb_row height_huge\" id=\"1\"><div class=\"l-section-h i-cf\"><div class=\"g-cols vc_row via_flex valign_top type_default stacking_default\"><div class=\"vc_col-sm-12 wpb_column vc_column_container\"><div class=\"vc_column-inner\"><div class=\"wpb_wrapper\"><div class=\"wpb_text_column\"><div class=\"wpb_wrapper\"><h3 style=\"text-align: center;\"><span style=\"color: #e95095;\"><strong>Vine a con\u00e8ixer-nos a Esplugues de Llobregat oa Badalona (Nou centre)<\/strong><\/span><\/h3>\n<\/div><\/div><div class=\"w-separator size_custom\" style=\"height:\" id=\"q1a5\"><style>@media(max-width:1024px){ #q1a5{height:80px!important}}@media(max-width:600px){ #q1a5{height:80px!important}}<\/style><\/div><div class=\"g-cols wpb_row via_flex valign_top type_default stacking_default\"><div class=\"vc_col-sm-6 wpb_column vc_column_container\"><div class=\"vc_column-inner us_custom_b4c0c321\"><div class=\"wpb_wrapper\"><div class=\"wpb_text_column\"><div class=\"wpb_wrapper\"><h5 style=\"text-align: right;\"><strong>Centre terap\u00e8utic a Esplugues de Llobregat<\/strong><\/h5>\n<p style=\"text-align: right;\"><strong>Adre\u00e7a<\/strong> : Pla\u00e7a Jacinto Benavente n.7, 3r 1a. 08950 \/ Esplugues de Llobregat (Barcelona).<\/p>\n<p style=\"text-align: right;\"><strong>TRANSPORT P\u00daBLIC<\/strong><br \/>\n<strong>Tram<\/strong> : T1, T2 i T3 \u2013 Parada: Ca n&#8217;Oliveres<br \/>\n<strong>Autob\u00fas<\/strong> : L50, L62, 157 i EP1<br \/>\n<strong>Metro<\/strong> : L5 \u2013 Parada: Can Vidalet<\/p>\n<p style=\"text-align: right;\"><strong>COTXE \/ MOTO<br \/>\n<\/strong> Des de Ronda de Dalt, Sortida 12.<br \/>\nA 2 min, Centre Comercial amb possibilitat daparcament gratu\u00eft de 2 hores.<\/p>\n<\/div><\/div><div class=\"w-separator size_custom\" style=\"height:30px\" id=\"y9dd\"><style><\/style><\/div><\/div><\/div><\/div><div class=\"vc_col-sm-6 wpb_column vc_column_container\"><div class=\"vc_column-inner us_custom_b4c0c321\"><div class=\"wpb_wrapper\">[vc_raw_html]PGlmcmFtZSBzcmM9Imh0dHBzOi8vd3d3Lmdvb2dsZS5jb20vbWFwcy9lbWJlZD9wYj0hMW0xOCExbTEyITFtMyExZDU5ODcuODA4OTQ4OTQ0OTU0ITJkMi4wOTc0MTIzNzY3MDY5Njg2ITNkNDEuMzc2MTYwMDk2NjkwNjEhMm0zITFmMCEyZjAhM2YwITNtMiExaTEwMjQhMmk3NjghNGYxMy4xITNtMyExbTIhMXMweDEyYTQ5OWVmYzAwMjgyZWYlM0EweDExZDNiNWZiOTUyZDllODQhMnNDZW50cmUlMjBUZXJhcCVDMyVBOHV0aWMlMjBHZW5hJTIwRXNwbHVndWVzITVlMCEzbTIhMXNlcyEyc2VzITR2MTc1MjMxODQzMTQwNCE1bTIhMXNlcyEyc2VzIiB3aWR0aD0iNjAwIiBoZWlnaHQ9IjQ1MCIgc3R5bGU9ImJvcmRlcjowOyIgYWxsb3dmdWxsc2NyZWVuPSIiIGxvYWRpbmc9ImxhenkiIHJlZmVycmVycG9saWN5PSJuby1yZWZlcnJlci13aGVuLWRvd25ncmFkZSI+PC9pZnJhbWU+[\/vc_raw_html]<div class=\"w-separator size_custom\" style=\"height:30px\" id=\"bce7\"><style><\/style><\/div><\/div><\/div><\/div><\/div><div class=\"w-separator size_custom\" style=\"height:\" id=\"we13\"><style>@media(max-width:1024px){ #we13{height:80px!important}}@media(max-width:600px){ #we13{height:80px!important}}<\/style><\/div><div class=\"g-cols wpb_row via_flex valign_top type_default stacking_default\"><div class=\"vc_col-sm-6 wpb_column vc_column_container\"><div class=\"vc_column-inner us_custom_b4c0c321\"><div class=\"wpb_wrapper\"><div class=\"wpb_text_column\"><div class=\"wpb_wrapper\"><h5 style=\"text-align: right;\"><strong>Centre terap\u00e8utic a Badalona<\/strong><\/h5>\n<p style=\"text-align: right;\"><strong>Adre\u00e7a<\/strong> : Rambla Fran\u00e7a 29-37, Local 5, Badalona 08917.<\/p>\n<p style=\"text-align: right;\"><strong>TRANSPORT P\u00daBLIC<\/strong><br \/>\n<strong>Bus si vens des de Badalona<\/strong> : B15, B20, M19, B80, B81, M27.<br \/>\nParada Per\u00fa &#8211; Mil\u00e0 (1-2 minuts a peu)<\/p>\n<p style=\"text-align: right;\"><strong>Des de Barcelona capital<\/strong> , podeu agafar metro L2 fins a l&#8217;estaci\u00f3 Badalona Pompeu Fabra, despr\u00e9s caminar o agafar un bus local (ex. B15)<br \/>\nfins a Rambla de Fran\u00e7a (parada Per\u00fa &#8211; Mil\u00e0)<\/p>\n<p style=\"text-align: right;\"><strong>Metro<\/strong> : estaci\u00f3 Singuerlin (L9N, ~4 min a peu) i Fons (L1, ~11 min)<\/p>\n<p style=\"text-align: right;\"><strong>COTXE \/ MOTO<br \/>\n<\/strong> Agafant la B-20, sortida 20. Estem molt a prop de les grans botigues de Montigal\u00e0 (IKEA\u2026)<br \/>\nP\u00e0rquing gratu\u00eft per tota la zona confrontant a GenA Badalona.<\/p>\n<\/div><\/div><div class=\"w-separator size_custom\" style=\"height:30px\" id=\"t4fe\"><style><\/style><\/div><\/div><\/div><\/div><div class=\"vc_col-sm-6 wpb_column vc_column_container\"><div class=\"vc_column-inner us_custom_b4c0c321\"><div class=\"wpb_wrapper\">[vc_raw_html]JTNDaWZyYW1lJTIwc3JjJTNEJTIyaHR0cHMlM0ElMkYlMkZ3d3cuZ29vZ2xlLmNvbSUyRm1hcHMlMkZlbWJlZCUzRnBiJTNEJTIxMW0xOCUyMTFtMTIlMjExbTMlMjExZDU5ODAuMzgzNDA3MDAyNDM1JTIxMmQyLjIxNzM4MTM3NjcwOTc3OCUyMTNkNDEuNDU2NzU3MjkxNjg4MzQlMjEybTMlMjExZjAlMjEyZjAlMjEzZjAlMjEzbTIlMjExaTEwMjQlMjEyaTc2OCUyMTRmMTMuMSUyMTNtMyUyMTFtMiUyMTFzMHgxMmE0YmQwMDU4MDExNTZmJTI1M0EweGU1N2IyNWFhMjEzNzJkYjklMjEyc0NlbnRyZSUyNTIwVGVyYXBldXRpYyUyNTIwR2VuQSUyNTIwQmFkYWxvbmElMjE1ZTAlMjEzbTIlMjExc2VzJTIxMnNlcyUyMTR2MTc1MzI1NTg3ODA2NiUyMTVtMiUyMTFzZXMlMjEyc2VzJTIyJTIwd2lkdGglM0QlMjI2MDAlMjIlMjBoZWlnaHQlM0QlMjI0NTAlMjIlMjBzdHlsZSUzRCUyMmJvcmRlciUzQTAlM0IlMjIlMjBhbGxvd2Z1bGxzY3JlZW4lM0QlMjIlMjIlMjBsb2FkaW5nJTNEJTIybGF6eSUyMiUyMHJlZmVycmVycG9saWN5JTNEJTIybm8tcmVmZXJyZXItd2hlbi1kb3duZ3JhZGUlMjIlM0UlM0MlMkZpZnJhbWUlM0U=[\/vc_raw_html]<div class=\"w-separator size_custom\" style=\"height:30px\" id=\"b7cf\"><style><\/style><\/div><\/div><\/div><\/div><\/div><\/div><\/div><\/div><\/div><\/div><\/section>\n","protected":false},"excerpt":{"rendered":"ON TROBAR-NOS Vine a con\u00e8ixer-nos a Esplugues de Llobregat oa Badalona (Nou centre) Centre terap\u00e8utic a Esplugues de Llobregat Adre\u00e7a : Pla\u00e7a Jacinto Benavente n.7, 3r 1a. 08950 \/ Esplugues de Llobregat (Barcelona). TRANSPORT P\u00daBLIC Tram : T1, T2 i T3 \u2013 Parada: Ca n&#8217;Oliveres Autob\u00fas : L50, L62, 157 i EP1 Metro : L5...","protected":false},"author":1,"featured_media":0,"parent":0,"menu_order":0,"comment_status":"closed","ping_status":"closed","template":"","meta":{"_joinchat":[],"footnotes":""},"class_list":["post-1482","page","type-page","status-publish","hentry"],"yoast_head":"<!-- This site is optimized with the Yoast SEO plugin v27.2 - https:\/\/yoast.com\/product\/yoast-seo-wordpress\/ -->\n<title>Aqu\u00ed podr\u00e0s trobar la nostra adre\u00e7a i com arribar al nostre centre.<\/title>\n<meta name=\"description\" content=\"Si vols venir a visitar-nos o tens la teva primera cita, ho pots fer amb transport p\u00fablic, cotxe, moto o caminant!! Aqu\u00ed t&#039;expliquem com arribar-hi.\" \/>\n<meta name=\"robots\" content=\"noindex, follow\" \/>\n<meta property=\"og:locale\" content=\"ca_ES\" \/>\n<meta property=\"og:type\" content=\"article\" \/>\n<meta property=\"og:title\" content=\"Aqu\u00ed podr\u00e0s trobar la nostra adre\u00e7a i com arribar al nostre centre.\" \/>\n<meta property=\"og:description\" content=\"Si vols venir a visitar-nos o tens la teva primera cita, ho pots fer amb transport p\u00fablic, cotxe, moto o caminant!! Aqu\u00ed t&#039;expliquem com arribar-hi.\" \/>\n<meta property=\"og:url\" content=\"https:\/\/www.gen-a.es\/ca\/on-som\/\" \/>\n<meta property=\"og:site_name\" content=\"Gen A\" \/>\n<meta property=\"article:modified_time\" content=\"2025-07-23T07:41:21+00:00\" \/>\n<meta name=\"twitter:card\" content=\"summary_large_image\" \/>\n<meta name=\"twitter:label1\" content=\"Temps estimat de lectura\" \/>\n\t<meta name=\"twitter:data1\" content=\"2 minuts\" \/>\n<script type=\"application\/ld+json\" class=\"yoast-schema-graph\">{\"@context\":\"https:\/\/schema.org\",\"@graph\":[{\"@type\":\"WebPage\",\"@id\":\"https:\/\/www.gen-a.es\/ca\/on-som\/\",\"url\":\"https:\/\/www.gen-a.es\/ca\/on-som\/\",\"name\":\"Aqu\u00ed podr\u00e0s trobar la nostra adre\u00e7a i com arribar al nostre centre.\",\"isPartOf\":{\"@id\":\"https:\/\/www.gen-a.es\/ca\/#website\"},\"datePublished\":\"2025-07-13T10:25:20+00:00\",\"dateModified\":\"2025-07-23T07:41:21+00:00\",\"description\":\"Si vols venir a visitar-nos o tens la teva primera cita, ho pots fer amb transport p\u00fablic, cotxe, moto o caminant!! Aqu\u00ed t'expliquem com arribar-hi.\",\"breadcrumb\":{\"@id\":\"https:\/\/www.gen-a.es\/ca\/on-som\/#breadcrumb\"},\"inLanguage\":\"ca\",\"potentialAction\":[{\"@type\":\"ReadAction\",\"target\":[\"https:\/\/www.gen-a.es\/ca\/on-som\/\"]}]},{\"@type\":\"BreadcrumbList\",\"@id\":\"https:\/\/www.gen-a.es\/ca\/on-som\/#breadcrumb\",\"itemListElement\":[{\"@type\":\"ListItem\",\"position\":1,\"name\":\"Portada\",\"item\":\"https:\/\/www.gen-a.es\/ca\/inicio\/\"},{\"@type\":\"ListItem\",\"position\":2,\"name\":\"On som\"}]},{\"@type\":\"WebSite\",\"@id\":\"https:\/\/www.gen-a.es\/ca\/#website\",\"url\":\"https:\/\/www.gen-a.es\/ca\/\",\"name\":\"Gen A\",\"description\":\"Centro de Adicciones Barcelona\",\"publisher\":{\"@id\":\"https:\/\/www.gen-a.es\/ca\/#organization\"},\"potentialAction\":[{\"@type\":\"SearchAction\",\"target\":{\"@type\":\"EntryPoint\",\"urlTemplate\":\"https:\/\/www.gen-a.es\/ca\/?s={search_term_string}\"},\"query-input\":{\"@type\":\"PropertyValueSpecification\",\"valueRequired\":true,\"valueName\":\"search_term_string\"}}],\"inLanguage\":\"ca\"},{\"@type\":\"Organization\",\"@id\":\"https:\/\/www.gen-a.es\/ca\/#organization\",\"name\":\"Gen A\",\"url\":\"https:\/\/www.gen-a.es\/ca\/\",\"logo\":{\"@type\":\"ImageObject\",\"inLanguage\":\"ca\",\"@id\":\"https:\/\/www.gen-a.es\/ca\/#\/schema\/logo\/image\/\",\"url\":\"https:\/\/www.gen-a.es\/wp-content\/uploads\/2019\/09\/Isotipo-Gen-A-Color.png\",\"contentUrl\":\"https:\/\/www.gen-a.es\/wp-content\/uploads\/2019\/09\/Isotipo-Gen-A-Color.png\",\"width\":1000,\"height\":714,\"caption\":\"Gen A\"},\"image\":{\"@id\":\"https:\/\/www.gen-a.es\/ca\/#\/schema\/logo\/image\/\"}}]}<\/script>\n<!-- \/ Yoast SEO plugin. -->","yoast_head_json":{"title":"Aqu\u00ed podr\u00e0s trobar la nostra adre\u00e7a i com arribar al nostre centre.","description":"Si vols venir a visitar-nos o tens la teva primera cita, ho pots fer amb transport p\u00fablic, cotxe, moto o caminant!! Aqu\u00ed t'expliquem com arribar-hi.","robots":{"index":"noindex","follow":"follow"},"og_locale":"ca_ES","og_type":"article","og_title":"Aqu\u00ed podr\u00e0s trobar la nostra adre\u00e7a i com arribar al nostre centre.","og_description":"Si vols venir a visitar-nos o tens la teva primera cita, ho pots fer amb transport p\u00fablic, cotxe, moto o caminant!! Aqu\u00ed t'expliquem com arribar-hi.","og_url":"https:\/\/www.gen-a.es\/ca\/on-som\/","og_site_name":"Gen A","article_modified_time":"2025-07-23T07:41:21+00:00","twitter_card":"summary_large_image","twitter_misc":{"Temps estimat de lectura":"2 minuts"},"schema":{"@context":"https:\/\/schema.org","@graph":[{"@type":"WebPage","@id":"https:\/\/www.gen-a.es\/ca\/on-som\/","url":"https:\/\/www.gen-a.es\/ca\/on-som\/","name":"Aqu\u00ed podr\u00e0s trobar la nostra adre\u00e7a i com arribar al nostre centre.","isPartOf":{"@id":"https:\/\/www.gen-a.es\/ca\/#website"},"datePublished":"2025-07-13T10:25:20+00:00","dateModified":"2025-07-23T07:41:21+00:00","description":"Si vols venir a visitar-nos o tens la teva primera cita, ho pots fer amb transport p\u00fablic, cotxe, moto o caminant!! Aqu\u00ed t'expliquem com arribar-hi.","breadcrumb":{"@id":"https:\/\/www.gen-a.es\/ca\/on-som\/#breadcrumb"},"inLanguage":"ca","potentialAction":[{"@type":"ReadAction","target":["https:\/\/www.gen-a.es\/ca\/on-som\/"]}]},{"@type":"BreadcrumbList","@id":"https:\/\/www.gen-a.es\/ca\/on-som\/#breadcrumb","itemListElement":[{"@type":"ListItem","position":1,"name":"Portada","item":"https:\/\/www.gen-a.es\/ca\/inicio\/"},{"@type":"ListItem","position":2,"name":"On som"}]},{"@type":"WebSite","@id":"https:\/\/www.gen-a.es\/ca\/#website","url":"https:\/\/www.gen-a.es\/ca\/","name":"Gen A","description":"Centro de Adicciones Barcelona","publisher":{"@id":"https:\/\/www.gen-a.es\/ca\/#organization"},"potentialAction":[{"@type":"SearchAction","target":{"@type":"EntryPoint","urlTemplate":"https:\/\/www.gen-a.es\/ca\/?s={search_term_string}"},"query-input":{"@type":"PropertyValueSpecification","valueRequired":true,"valueName":"search_term_string"}}],"inLanguage":"ca"},{"@type":"Organization","@id":"https:\/\/www.gen-a.es\/ca\/#organization","name":"Gen A","url":"https:\/\/www.gen-a.es\/ca\/","logo":{"@type":"ImageObject","inLanguage":"ca","@id":"https:\/\/www.gen-a.es\/ca\/#\/schema\/logo\/image\/","url":"https:\/\/www.gen-a.es\/wp-content\/uploads\/2019\/09\/Isotipo-Gen-A-Color.png","contentUrl":"https:\/\/www.gen-a.es\/wp-content\/uploads\/2019\/09\/Isotipo-Gen-A-Color.png","width":1000,"height":714,"caption":"Gen A"},"image":{"@id":"https:\/\/www.gen-a.es\/ca\/#\/schema\/logo\/image\/"}}]}},"_links":{"self":[{"href":"https:\/\/www.gen-a.es\/ca\/wp-json\/wp\/v2\/pages\/1482","targetHints":{"allow":["GET"]}}],"collection":[{"href":"https:\/\/www.gen-a.es\/ca\/wp-json\/wp\/v2\/pages"}],"about":[{"href":"https:\/\/www.gen-a.es\/ca\/wp-json\/wp\/v2\/types\/page"}],"author":[{"embeddable":true,"href":"https:\/\/www.gen-a.es\/ca\/wp-json\/wp\/v2\/users\/1"}],"replies":[{"embeddable":true,"href":"https:\/\/www.gen-a.es\/ca\/wp-json\/wp\/v2\/comments?post=1482"}],"version-history":[{"count":1,"href":"https:\/\/www.gen-a.es\/ca\/wp-json\/wp\/v2\/pages\/1482\/revisions"}],"predecessor-version":[{"id":1502,"href":"https:\/\/www.gen-a.es\/ca\/wp-json\/wp\/v2\/pages\/1482\/revisions\/1502"}],"wp:attachment":[{"href":"https:\/\/www.gen-a.es\/ca\/wp-json\/wp\/v2\/media?parent=1482"}],"curies":[{"name":"wp","href":"https:\/\/api.w.org\/{rel}","templated":true}]}}